{"id":4912,"date":"2024-08-07T13:05:45","date_gmt":"2024-08-07T11:05:45","guid":{"rendered":"https:\/\/divinginadream.com\/immersions\/charco-de-palo\/"},"modified":"2024-10-17T12:53:56","modified_gmt":"2024-10-17T10:53:56","slug":"charco-de-palo","status":"publish","type":"page","link":"https:\/\/puravidalanzarotediving.com\/ca\/immersions\/charco-de-palo\/","title":{"rendered":"Charco de Palo"},"content":{"rendered":"\t\t<div data-elementor-type=\"wp-page\" data-elementor-id=\"4912\" class=\"elementor elementor-4912 elementor-706\" data-elementor-post-type=\"page\">\n\t\t\t\t<div class=\"elementor-element elementor-element-89085c4 e-con-full wd-section-stretch-content e-flex e-con e-parent\" data-id=\"89085c4\" data-element_type=\"container\" data-e-type=\"container\">\n\t\t\t\t<div class=\"elementor-element elementor-element-514135a elementor--h-position-center elementor--v-position-middle elementor-arrows-position-inside elementor-pagination-position-inside elementor-widget elementor-widget-slides\" data-id=\"514135a\" data-element_type=\"widget\" data-e-type=\"widget\" data-settings=\"{&quot;navigation&quot;:&quot;both&quot;,&quot;autoplay&quot;:&quot;yes&quot;,&quot;pause_on_hover&quot;:&quot;yes&quot;,&quot;pause_on_interaction&quot;:&quot;yes&quot;,&quot;autoplay_speed&quot;:5000,&quot;infinite&quot;:&quot;yes&quot;,&quot;transition&quot;:&quot;slide&quot;,&quot;transition_speed&quot;:500}\" data-widget_type=\"slides.default\">\n\t\t\t\t<div class=\"elementor-widget-container\">\n\t\t\t\t\t\t\t\t\t<div class=\"elementor-swiper\">\n\t\t\t\t\t<div class=\"elementor-slides-wrapper elementor-main-swiper swiper\" role=\"region\" aria-roledescription=\"carousel\" aria-label=\"Diapositives\" dir=\"ltr\" data-animation=\"fadeInUp\">\n\t\t\t\t<div class=\"swiper-wrapper elementor-slides\">\n\t\t\t\t\t\t\t\t\t\t<div class=\"elementor-repeater-item-4094fd2 swiper-slide\" role=\"group\" aria-roledescription=\"slide\"><div class=\"swiper-slide-bg elementor-ken-burns elementor-ken-burns--in\" role=\"img\" aria-label=\"Barracudas Charco de Palo\"><\/div><div class=\"elementor-background-overlay\"><\/div><div class=\"swiper-slide-inner\" ><div class=\"swiper-slide-contents\"><h1 class=\"elementor-slide-heading\">Charco de Palo<\/h1><p class=\"elementor-slide-description\"><p>Un paisatge de contrastos entre el volc\u00e0 i la sorra<\/p>\n<\/p><\/div><\/div><\/div>\t\t\t\t<\/div>\n\t\t\t\t\t\t\t<\/div>\n\t\t\t\t<\/div>\n\t\t\t\t\t\t\t\t<\/div>\n\t\t\t\t<\/div>\n\t\t\t\t<\/div>\n\t\t<div class=\"wd-negative-gap elementor-element elementor-element-80892e6 e-flex e-con-boxed e-con e-parent\" data-id=\"80892e6\" data-element_type=\"container\" data-e-type=\"container\">\n\t\t\t\t\t<div class=\"e-con-inner\">\n\t\t\t\t<div class=\"elementor-element elementor-element-4d712eb color-scheme-inherit text-left elementor-widget elementor-widget-text-editor\" data-id=\"4d712eb\" data-element_type=\"widget\" data-e-type=\"widget\" data-widget_type=\"text-editor.default\">\n\t\t\t\t<div class=\"elementor-widget-container\">\n\t\t\t\t\t\t\t\t\t<div class=\"wpb_text_column wpb_content_element \">\n<div class=\"wpb_wrapper\">\n<div class=\"wpb_text_column wpb_content_element \">\n<div class=\"wpb_wrapper\">\n<p>Aquesta immersi\u00f3 \u00e9s una bona opci\u00f3 quan hi ha mala mar de sud-oest. Destaca pel seu paisatge roc\u00f3s purament volc\u00e0nic, saltat de sorra blanca. <\/p>\n<p>En aquest lloc hi ha una excel\u00b7lent representaci\u00f3 de molts dels ecosistemes canaris en un espai molt redu\u00eft.<br \/>A la part alta, el fons roc\u00f3s est\u00e0 cobert d&#8217;un colorit mantell d&#8217;algues, per sota dels 10 m l&#8217;eri\u00e7\u00f3 diadema ha generat un extens blanquizal i la roca, abans de desapar\u00e8ixer als camps de sorra, sol formar penya-segats i coves.<\/p>\n<p>Per sota dels 40-50 m creixen boscos de corall negre nom\u00e9s accessibles per als bussejadors capacitats.<\/p>\n<div class=\"wpb_text_column wpb_content_element \">\n<div class=\"wpb_wrapper\">\n<p>L\u00b4acc\u00e9s \u00e9s <strong>des de terra ia l\u00b4aparcament<\/strong>, situat relativament a prop, ens podem equipar c\u00f2modament, per despr\u00e9s baixar amb l\u00b4equip per una sendera i entrar a l\u00b4aigua per una de les dues escales met\u00e0l\u00b7liques.<\/p>\n<p>Com que la zona de busseig \u00e9s molt \u00e0mplia, se suggereixen <strong>dos recorreguts<\/strong>, un cap a la dreta del punt d&#8217; entrada i l&#8217; altre cap a l&#8217; esquerra.<\/p>\n<p>Totes dues rutes permeten adaptar-se a diferents nivells, variant la profunditat m\u00e0xima de la immersi\u00f3.<\/p>\n<p>En <strong>coves i buits resulta interessant buscar animals com morenes, pops, anemones gegants, briotes i fins i tot gambetes narval.<\/strong><\/p>\n<p>Quan es neda per sobre de la sorra, \u00e9s important observar amb atenci\u00f3 ja que s\u00f3n <strong>freq\u00fcents els Angelotes, Tembladeras i Chuchos<\/strong>.<\/p>\n<\/div>\n<\/div>\n<\/div>\n<\/div>\n<\/div>\n<\/div>\n\t\t\t\t\t\t\t\t<\/div>\n\t\t\t\t<\/div>\n\t\t\t\t\t<\/div>\n\t\t\t\t<\/div>\n\t\t\t\t<section class=\"wd-negative-gap elementor-section elementor-top-section elementor-element elementor-element-2364e353 elementor-section-full_width elementor-section-height-default elementor-section-height-default\" data-id=\"2364e353\" data-element_type=\"section\" data-e-type=\"section\" id=\"xs_team_9\">\n\t\t\t\t\t\t<div class=\"elementor-container elementor-column-gap-default\">\n\t\t\t\t\t<div class=\"elementor-column elementor-col-100 elementor-top-column elementor-element elementor-element-425a7d9a\" data-id=\"425a7d9a\" data-element_type=\"column\" data-e-type=\"column\">\n\t\t\t<div class=\"elementor-widget-wrap elementor-element-populated\">\n\t\t\t\t\t\t<div class=\"elementor-element elementor-element-a75f765 elementor-widget elementor-widget-image\" data-id=\"a75f765\" data-element_type=\"widget\" data-e-type=\"widget\" data-widget_type=\"image.default\">\n\t\t\t\t<div class=\"elementor-widget-container\">\n\t\t\t\t\t\t\t\t\t\t\t\t\t\t\t<img decoding=\"async\" width=\"1110\" height=\"654\" src=\"https:\/\/puravidalanzarotediving.com\/wp-content\/uploads\/2024\/08\/Charco-del-palo.jpg\" class=\"attachment-full size-full wp-image-3231\" alt=\"\" srcset=\"https:\/\/puravidalanzarotediving.com\/wp-content\/uploads\/2024\/08\/Charco-del-palo.jpg 1110w, https:\/\/puravidalanzarotediving.com\/wp-content\/uploads\/2024\/08\/Charco-del-palo-300x177.jpg 300w, https:\/\/puravidalanzarotediving.com\/wp-content\/uploads\/2024\/08\/Charco-del-palo-1024x603.jpg 1024w, https:\/\/puravidalanzarotediving.com\/wp-content\/uploads\/2024\/08\/Charco-del-palo-768x452.jpg 768w\" sizes=\"(max-width: 1110px) 100vw, 1110px\" \/>\t\t\t\t\t\t\t\t\t\t\t\t\t\t\t<\/div>\n\t\t\t\t<\/div>\n\t\t\t\t\t<\/div>\n\t\t<\/div>\n\t\t\t\t\t<\/div>\n\t\t<\/section>\n\t\t\t\t<\/div>\n\t\t","protected":false},"excerpt":{"rendered":"<p>Un paisatge de contrastos entre el volc\u00e0 i la sorra Aquesta immersi\u00f3 \u00e9s una bona opci\u00f3 quan hi ha mala<\/p>\n","protected":false},"author":1,"featured_media":0,"parent":4906,"menu_order":0,"comment_status":"closed","ping_status":"closed","template":"","meta":{"_joinchat":[],"footnotes":""},"class_list":["post-4912","page","type-page","status-publish","hentry"],"_links":{"self":[{"href":"https:\/\/puravidalanzarotediving.com\/ca\/wp-json\/wp\/v2\/pages\/4912","targetHints":{"allow":["GET"]}}],"collection":[{"href":"https:\/\/puravidalanzarotediving.com\/ca\/wp-json\/wp\/v2\/pages"}],"about":[{"href":"https:\/\/puravidalanzarotediving.com\/ca\/wp-json\/wp\/v2\/types\/page"}],"author":[{"embeddable":true,"href":"https:\/\/puravidalanzarotediving.com\/ca\/wp-json\/wp\/v2\/users\/1"}],"replies":[{"embeddable":true,"href":"https:\/\/puravidalanzarotediving.com\/ca\/wp-json\/wp\/v2\/comments?post=4912"}],"version-history":[{"count":0,"href":"https:\/\/puravidalanzarotediving.com\/ca\/wp-json\/wp\/v2\/pages\/4912\/revisions"}],"up":[{"embeddable":true,"href":"https:\/\/puravidalanzarotediving.com\/ca\/wp-json\/wp\/v2\/pages\/4906"}],"wp:attachment":[{"href":"https:\/\/puravidalanzarotediving.com\/ca\/wp-json\/wp\/v2\/media?parent=4912"}],"curies":[{"name":"wp","href":"https:\/\/api.w.org\/{rel}","templated":true}]}}